{"id":16,"date":"2014-04-21T22:57:50","date_gmt":"2014-04-21T20:57:50","guid":{"rendered":"http:\/\/xn--mooshusl-4za.com\/wordpress\/?page_id=16"},"modified":"2019-05-15T08:04:13","modified_gmt":"2019-05-15T06:04:13","slug":"impressum","status":"publish","type":"page","link":"http:\/\/xn--mooshusl-4za.com\/wordpress\/impressum\/","title":{"rendered":"Impressum und Datenschutz"},"content":{"rendered":"<p><a href=\"http:\/\/www.deutsche-anwaltshotline.de\/recht-auf-ihrer-website\/impressum-generator\">Impressum dieser Website erstellt<\/a> \u00fcber den Generator der Deutschen Anwaltshotline AG<\/p>\n<p>Angaben gem. \u00a7 5 TMG<\/p>\n<p><b>Betreiber und Kontakt:<\/b><\/p>\n<p>Werner Schuster<\/p>\n<p>Oberbichler Stra\u00dfe 3<br \/>\n83242 Reit im Winkl<\/p>\n<p>Telefonnummer: 08640\/1466<br \/>\nE-Mail-Adresse: schuster@mooshaus.de<\/p>\n<p><b>Verantwortlicher f\u00fcr journalistisch-redaktionelle Inhalte gem. \u00a7 55 II RstV:<\/b><\/p>\n<p>Waltraud Schuster<\/p>\n<p><b>Bilder und Grafiken:<\/b><br \/>\nAngaben der Quelle f\u00fcr verwendetes Bilder- und Grafikmaterial:<\/p>\n<p>Maria Irlacher<\/p>\n<p><strong>Datenschutzerkl\u00e4rung<\/strong><\/p>\n<p>Wir freuen uns sehr \u00fcber Ihr Interesse an unserem Unternehmen. Datenschutz hat einen besonders hohen Stellenwert f\u00fcr unsere Ferienwohnungen Moosh\u00e4usl. Eine Nutzung unserer Internetseiten ist grunds\u00e4tzlich ohne jede Angabe personenbezogener Daten m\u00f6glich. Sofern eine betroffene Person einen besonderen Service unseres Unternehmens \u00fcber unsere Internetseite in Anspruch nehmen m\u00f6chte, k\u00f6nnte jedoch eine Verarbeitung personenbezogener Daten erforderlich werden. Ist die Verarbeitung personenbezogener Daten erforderlich und besteht f\u00fcr eine solche Verarbeitung keine gesetzliche Grundlage, holen wir generell eine Einwilligung der betroffenen Person ein.<\/p>\n<p>Die Verarbeitung personenbezogener Daten, beispielsweise des Namens, der Anschrift, E-Mail-Adresse oder Telefonnummer einer betroffenen Person, erfolgt stets im Einklang mit der Datenschutz-Grundverordnung geltenden landesspezifischen Datenschutzbestimmungen. Mittels dieser Datenschutzerkl\u00e4rung m\u00f6chte unser Unternehmen die \u00d6ffentlichkeit \u00fcber Art, Umfang und Zweck der von uns erhobenen, genutzten und verarbeiteten personenbezogenen Daten informieren. Ferner werden betroffene Personen mittels dieser Datenschutzerkl\u00e4rung \u00fcber die ihnen zustehenden Rechte aufgekl\u00e4rt.<\/p>\n<p>Das Unternehmen Ferienwohnung Moosh\u00e4usl hat f\u00fcr die Verarbeitung Verantwortlicher zahlreiche technische und organisatorische Ma\u00dfnahmen umgesetzt, um einen m\u00f6glichst l\u00fcckenlosen Schutz der \u00fcber diese Internetseite verarbeiteten personenbezogenen Daten sicherzustellen. Dennoch k\u00f6nnen Internetbasierte Daten\u00fcbertragungen grunds\u00e4tzlich Sicherheitsl\u00fccken aufweisen, sodass ein absoluter Schutz nicht gew\u00e4hrleistet werden kann. Aus diesem Grund steht es jeder betroffenen Person frei, personenbezogene Daten auch auf alternativen Wegen, beispielsweise telefonisch, an uns zu \u00fcbermitteln.<\/p>\n<p><strong>Begriffsbestimmungen<br \/>\n<\/strong>Die Datenschutzerkl\u00e4rung der Ferienwohnungen Moosh\u00e4usl beruht auf den Begrifflichkeiten, die durch den Europ\u00e4ischen Richtlinien- und Verordnungsgeber beim Erlass der Datenschutz-Grundverordnung (DS-GVO) verwendet wurden. Unsere Datenschutzerkl\u00e4rung soll sowohl f\u00fcr die \u00d6ffentlichkeit als auch f\u00fcr unsere Kunden und Gesch\u00e4ftspartner einfach lesbar und verst\u00e4ndlich sein. Um dies zu gew\u00e4hrleisten, m\u00f6chten wir vorab die verwendeten Begrifflichkeiten erl\u00e4utern.<\/p>\n<p>Wir verwenden in dieser Datenschutzerkl\u00e4rung unter anderem die folgenden Begriffe:<br \/>\n<strong>Personenbezogene Daten<\/strong><br \/>\nPersonenbezogene Daten sind alle Informationen, die sich auf eine identifizierte oder identifizierbare nat\u00fcrliche Person (im Folgenden \u201ebetroffene Person\u201c) beziehen. Als identifizierbar wird eine nat\u00fcrliche Person angesehen, die direkt oder indirekt, insbesondere mittels Zuordnung zu einer Kennung wie einem Namen, zu einer Kennnummer, zu Standortdaten, zu einer Online-Kennung oder zu einem oder mehreren besonderen Merkmalen, die Ausdruck der physischen, physiologischen, genetischen, psychischen, wirtschaftlichen, kulturellen oder sozialen Identit\u00e4t dieser nat\u00fcrlichen Person sind, identifiziert werden kann.<\/p>\n<p>Betroffene Person<br \/>\nBetroffene Person ist jede identifizierte oder identifizierbare nat\u00fcrliche Person, deren personenbezogene Daten von dem f\u00fcr die Verarbeitung Verantwortlichen verarbeitet werden.<\/p>\n<p>Verarbeitung<br \/>\nVerarbeitung ist jeder mit oder ohne Hilfe automatisierter Verfahren ausgef\u00fchrte Vorgang oder jede solche Vorgangsreihe im Zusammenhang mit personenbezogenen Daten wie das Erheben, das Erfassen, die Organisation, das Ordnen, die Speicherung, die Anpassung oder Ver\u00e4nderung, das Auslesen, das Abfragen, die Verwendung, die Offenlegung durch \u00dcbermittlung, Verbreitung oder eine andere Form der Bereitstellung, den Abgleich oder die Verkn\u00fcpfung, die Einschr\u00e4nkung, das L\u00f6schen oder die Vernichtung.<\/p>\n<p>Einschr\u00e4nkung der VerarbeitungEinschr\u00e4nkung der Verarbeitung ist die Markierung gespeicherter personenbezogener Daten mit dem Ziel, ihre k\u00fcnftige Verarbeitung einzuschr\u00e4nken.<\/p>\n<p>Profiling<br \/>\n<strong>Profiling<\/strong> ist jede Art der automatisierten Verarbeitung personenbezogener Daten, die darin besteht, dass diese personenbezogenen Daten verwendet werden, um bestimmte pers\u00f6nliche Aspekte, die sich auf eine nat\u00fcrliche Person beziehen, zu bewerten, insbesondere, um Aspekte bez\u00fcglich Arbeitsleistung, wirtschaftlicher Lage, Gesundheit, pers\u00f6nlicher Vorlieben, Interessen, Zuverl\u00e4ssigkeit, Verhalten, Aufenthaltsort oder Ortswechsel dieser nat\u00fcrlichen Person zu analysieren oder vorherzusagen.<\/p>\n<p>Pseudonymisierung<br \/>\n<strong>Pseudonymisierung<\/strong> ist die Verarbeitung personenbezogener Daten in einer Weise, auf welche die personenbezogenen Daten ohne Hinzuziehung zus\u00e4tzlicher Informationen nicht mehr einer spezifischen betroffenen Person zugeordnet werden k\u00f6nnen, sofern diese zus\u00e4tzlichen Informationen gesondert aufbewahrt werden und technischen und organisatorischen Ma\u00dfnahmen unterliegen, die gew\u00e4hrleisten, dass die personenbezogenen Daten nicht einer identifizierten oder identifizierbaren nat\u00fcrlichen Person zugewiesen werden.<\/p>\n<p>Verantwortlicher oder f\u00fcr die Verarbeitung Verantwortlicher<br \/>\n<strong>Verantwortlicher<\/strong> oder f\u00fcr die Verarbeitung Verantwortlicher ist die nat\u00fcrliche oder juristische Person, Beh\u00f6rde, Einrichtung oder andere Stelle, die allein oder gemeinsam mit anderen \u00fcber die Zwecke und Mittel der Verarbeitung von personenbezogenen Daten entscheidet. Sind die Zwecke und Mittel dieser Verarbeitung durch das Unionsrecht oder das Recht der Mitgliedstaaten vorgegeben, so kann der Verantwortliche beziehungsweise k\u00f6nnen die bestimmten Kriterien seiner Benennung nach dem Unionsrecht oder dem Recht der Mitgliedstaaten vorgesehen werden.<\/p>\n<p>Auftragsverarbeiter<br \/>\n<strong>Auftragsverarbeiter<\/strong> ist eine nat\u00fcrliche oder juristische Person, Beh\u00f6rde, Einrichtung oder andere Stelle, die personenbezogene Daten im Auftrag des Verantwortlichen verarbeitet.<\/p>\n<p>Empf\u00e4nger<br \/>\n<strong>Empf\u00e4nger <\/strong>ist eine nat\u00fcrliche oder juristische Person, Beh\u00f6rde, Einrichtung oder andere Stelle, der personenbezogene Daten offengelegt werden, unabh\u00e4ngig davon, ob es sich bei ihr um einen Dritten handelt oder nicht. Beh\u00f6rden, die im Rahmen eines bestimmten Untersuchungsauftrags nach dem Unionsrecht oder dem Recht der Mitgliedstaaten m\u00f6glicherweise personenbezogene Daten erhalten, gelten jedoch nicht als Empf\u00e4nger.<\/p>\n<p>Dritter<br \/>\n<strong>Dritter<\/strong> ist eine nat\u00fcrliche oder juristische Person, Beh\u00f6rde, Einrichtung oder andere Stelle au\u00dfer der betroffenen Person, dem Verantwortlichen, dem Auftragsverarbeiter und den Personen, die unter der unmittelbaren Verantwortung des Verantwortlichen oder des Auftragsverarbeiters befugt sind, die personenbezogenen Daten zu verarbeiten.<\/p>\n<p>Einwilligung<br \/>\n<strong>Einwilligung <\/strong>ist jede von der betroffenen Person freiwillig f\u00fcr den bestimmten Fall in informierter Weise und unmissverst\u00e4ndlich abgegebene Willensbekundung in Form einer Erkl\u00e4rung oder einer sonstigen eindeutigen best\u00e4tigenden Handlung, mit der die betroffene Person zu verstehen gibt, dass sie mit der Verarbeitung der sie betreffenden personenbezogenen Daten einverstanden ist.<\/p>\n<p><strong>Name und Anschrift des f\u00fcr die Verarbeitung Verantwortlichen <\/strong>Verantwortlicher im Sinne der Datenschutz-Grundverordnung, sonstiger in den Mitgliedstaaten der Europ\u00e4ischen Union geltenden Datenschutzgesetze und anderer Bestimmungen mit datenschutzrechtlichem Charakter ist<\/p>\n<p>Waltraud Irlacher-Schuster<br \/>\nFerienwohnungen Moosh\u00e4usl<br \/>\nOberbichler Strasse 3<br \/>\n83242 Reit im Winkl<br \/>\nDeutschland<\/p>\n<p>Tel.: 004986401466<br \/>\nE-Mail:<\/p>\n<p><a href=\"mailto:schuster@mooshaus.de\">schuster@mooshaus.de<\/a><br \/>\nWebsite: www.moosh\u00e4usl.de<\/p>\n<p><strong>Routinem\u00e4\u00dfige L\u00f6schung und Sperrung von personenbezogenen Daten<br \/>\n<\/strong>Der f\u00fcr die Verarbeitung Verantwortliche verarbeitet und speichert personenbezogene Daten der betroffenen Person nur f\u00fcr den Zeitraum, der zur Erreichung des Speicherungszwecks erforderlich ist oder sofern dies durch den Europ\u00e4ischen Richtlinien- und Verordnungsgeber oder einen anderen Gesetzgeber in Gesetzen oder Vorschriften, welchen der f\u00fcr die Verarbeitung Verantwortliche unterliegt, vorgesehen wurde.<\/p>\n<p>Entf\u00e4llt der Speicherungszweck oder l\u00e4uft eine vom Europ\u00e4ischen Richtlinien- und Verordnungsgeber oder einem anderen zust\u00e4ndigen Gesetzgeber vorgeschriebene Speicherfrist ab, werden die personenbezogenen Daten routinem\u00e4\u00dfig und entsprechend den gesetzlichen Vorschriften gesperrt oder gel\u00f6scht.<\/p>\n<p><strong>Rechte der betroffenen Person<br \/>\n<\/strong>Recht auf Best\u00e4tigung<br \/>\nJede betroffene Person hat das vom Europ\u00e4ischen Richtlinien- und Verordnungsgeber einger\u00e4umte Recht, von dem f\u00fcr die Verarbeitung Verantwortlichen eine Best\u00e4tigung dar\u00fcber zu verlangen, ob sie betreffende personenbezogene Daten verarbeitet werden. M\u00f6chte eine betroffene Person dieses Best\u00e4tigungsrecht in Anspruch nehmen, kann sie sich hierzu jederzeit an einen Mitarbeiter des f\u00fcr die Verarbeitung Verantwortlichen wenden.<\/p>\n","protected":false},"excerpt":{"rendered":"<p>Impressum dieser Website erstellt \u00fcber den Generator der Deutschen Anwaltshotline AG Angaben gem. \u00a7 5 TMG Betreiber und Kontakt: Werner Schuster Oberbichler Stra\u00dfe 3 83242 Reit im Winkl Telefonnummer: 08640\/1466 E-Mail-Adresse: schuster@mooshaus.de Verantwortlicher f\u00fcr journalistisch-redaktionelle Inhalte gem. \u00a7 55 II RstV: Waltraud Schuster Bilder und Grafiken: Angaben der Quelle f\u00fcr verwendetes Bilder- und Grafikmaterial: Maria &hellip; <a href=\"http:\/\/xn--mooshusl-4za.com\/wordpress\/impressum\/\" class=\"more-link\"><span class=\"screen-reader-text\">Impressum und Datenschutz<\/span> weiterlesen <span class=\"meta-nav\">&rarr;<\/span><\/a><\/p>\n","protected":false},"author":1,"featured_media":0,"parent":0,"menu_order":0,"comment_status":"closed","ping_status":"closed","template":"","meta":{"ngg_post_thumbnail":0},"_links":{"self":[{"href":"http:\/\/xn--mooshusl-4za.com\/wordpress\/wp-json\/wp\/v2\/pages\/16"}],"collection":[{"href":"http:\/\/xn--mooshusl-4za.com\/wordpress\/wp-json\/wp\/v2\/pages"}],"about":[{"href":"http:\/\/xn--mooshusl-4za.com\/wordpress\/wp-json\/wp\/v2\/types\/page"}],"author":[{"embeddable":true,"href":"http:\/\/xn--mooshusl-4za.com\/wordpress\/wp-json\/wp\/v2\/users\/1"}],"replies":[{"embeddable":true,"href":"http:\/\/xn--mooshusl-4za.com\/wordpress\/wp-json\/wp\/v2\/comments?post=16"}],"version-history":[{"count":5,"href":"http:\/\/xn--mooshusl-4za.com\/wordpress\/wp-json\/wp\/v2\/pages\/16\/revisions"}],"predecessor-version":[{"id":703,"href":"http:\/\/xn--mooshusl-4za.com\/wordpress\/wp-json\/wp\/v2\/pages\/16\/revisions\/703"}],"wp:attachment":[{"href":"http:\/\/xn--mooshusl-4za.com\/wordpress\/wp-json\/wp\/v2\/media?parent=16"}],"curies":[{"name":"wp","href":"https:\/\/api.w.org\/{rel}","templated":true}]}}